{"id":1857,"date":"2021-05-05T17:01:31","date_gmt":"2021-05-05T15:01:31","guid":{"rendered":"http:\/\/wp-europe.com\/en\/?page_id=1857"},"modified":"2021-08-25T11:12:21","modified_gmt":"2021-08-25T09:12:21","slug":"cookie-policy","status":"publish","type":"page","link":"https:\/\/wp-europe.com\/en\/cookie-policy\/","title":{"rendered":"cookies-policy"},"content":{"rendered":"<p>[et_pb_section fb_built=\u00a0\u00bb1&Prime; _builder_version=\u00a0\u00bb4.9.1&Prime; _module_preset=\u00a0\u00bbdefault\u00a0\u00bb background_image=\u00a0\u00bbhttps:\/\/wp-europe.com\/en\/wp-content\/uploads\/sites\/6\/2021\/03\/facilitez-vous-la-vie_03.jpg\u00a0\u00bb global_colors_info=\u00a0\u00bb{}\u00a0\u00bb][et_pb_row _builder_version=\u00a0\u00bb4.9.1&Prime; _module_preset=\u00a0\u00bbdefault\u00a0\u00bb global_colors_info=\u00a0\u00bb{}\u00a0\u00bb][et_pb_column type=\u00a0\u00bb4_4&Prime; _builder_version=\u00a0\u00bb4.9.1&Prime; _module_preset=\u00a0\u00bbdefault\u00a0\u00bb global_colors_info=\u00a0\u00bb{}\u00a0\u00bb][dsm_lottie lottie_url=\u00a0\u00bbhttps:\/\/wp-europe.com\/en\/wp-content\/uploads\/sites\/6\/2021\/03\/fleur_1x-1.json\u00a0\u00bb lottie_loop=\u00a0\u00bboff\u00a0\u00bb lottie_speed=\u00a0\u00bb1.3&Prime; _builder_version=\u00a0\u00bb4.9.1&Prime; _module_preset=\u00a0\u00bbdefault\u00a0\u00bb width=\u00a0\u00bb10%\u00a0\u00bb module_alignment=\u00a0\u00bbcenter\u00a0\u00bb custom_margin=\u00a0\u00bb150px||||false|false\u00a0\u00bb custom_padding=\u00a0\u00bb||50px||false|false\u00a0\u00bb locked=\u00a0\u00bboff\u00a0\u00bb global_colors_info=\u00a0\u00bb{}\u00a0\u00bb][\/dsm_lottie][et_pb_text _builder_version=\u00a0\u00bb4.9.1&Prime; _module_preset=\u00a0\u00bbdefault\u00a0\u00bb header_font=\u00a0\u00bbMontserrat|800|||||||\u00a0\u00bb header_3_font=\u00a0\u00bb|900||on|||||\u00a0\u00bb header_3_text_align=\u00a0\u00bbcenter\u00a0\u00bb header_3_text_color=\u00a0\u00bb#FFFFFF\u00a0\u00bb header_3_font_size=\u00a0\u00bb50px\u00a0\u00bb global_colors_info=\u00a0\u00bb{}\u00a0\u00bb]<\/p>\n<h3>Charte pour la protection des donn\u00e9es<\/h3>\n<p>[\/et_pb_text][\/et_pb_column][\/et_pb_row][\/et_pb_section][et_pb_section fb_built=\u00a0\u00bb1&Prime; _builder_version=\u00a0\u00bb4.9.1&Prime; _module_preset=\u00a0\u00bbdefault\u00a0\u00bb global_colors_info=\u00a0\u00bb{}\u00a0\u00bb][et_pb_row _builder_version=\u00a0\u00bb4.9.11&Prime; _module_preset=\u00a0\u00bbdefault\u00a0\u00bb max_width=\u00a0\u00bb1080px\u00a0\u00bb global_colors_info=\u00a0\u00bb{}\u00a0\u00bb][et_pb_column type=\u00a0\u00bb4_4&Prime; _builder_version=\u00a0\u00bb4.9.11&Prime; _module_preset=\u00a0\u00bbdefault\u00a0\u00bb global_colors_info=\u00a0\u00bb{}\u00a0\u00bb][et_pb_text _builder_version=\u00a0\u00bb4.9.11&Prime; _module_preset=\u00a0\u00bbdefault\u00a0\u00bb hover_enabled=\u00a0\u00bb0&Prime; global_colors_info=\u00a0\u00bb{}\u00a0\u00bb sticky_enabled=\u00a0\u00bb0&Prime;]<\/p>\n<h2>Westlake Plastics Europe<\/h2>\n<p class=\"p1\">2 rue de Maestricht &#8211; 59200 TOURCOING<br \/>\n+33 (0)3 20 68 30 35<br \/>\n<a href=\"mailto:contact@wp-europe.com\">Contact Westlake Plastics Europe<\/a><\/p>\n<p class=\"p1\">APE : 4646Z<br \/>\nSIRET : 35240492500070<br \/>\nRCS Roubaix-Tourcoing<br \/>\nTVA n\u00b0 FR50352404925<\/p>\n<p class=\"p1\"><b>Site internet<\/b><\/p>\n<p class=\"p1\">CONCEPTEUR<br \/>\nStudio Be Design<br \/>\n7 rue des Corroyeurs &#8211; 67200 Strasbourg<br \/>\n<a href=\"applewebdata:\/\/988F9B54-4EEE-425C-9366-E6AB55BB083E\/studio-bedesign.com\"><span class=\"s1\">studio-bedesign.com<\/span><\/a><\/p>\n<p class=\"p1\">Le site Westlake Plastics Europe est est h\u00e9berg\u00e9 sur les serveurs fran\u00e7ais d&rsquo;O2Switch &#8211; <a href=\"http:\/\/www.o2switch.fr\/\"><span class=\"s1\">www.o2switch.fr<\/span><\/a><\/p>\n<p class=\"p1\">Cr\u00e9dits photos \/ vid\u00e9o : Westlake Plastics Europe<\/p>\n<p>[\/et_pb_text][\/et_pb_column][\/et_pb_row][et_pb_row _builder_version=\u00a0\u00bb4.9.1&Prime; _module_preset=\u00a0\u00bbdefault\u00a0\u00bb max_width=\u00a0\u00bb1080px\u00a0\u00bb global_colors_info=\u00a0\u00bb{}\u00a0\u00bb][et_pb_column type=\u00a0\u00bb4_4&Prime; _builder_version=\u00a0\u00bb4.9.1&Prime; _module_preset=\u00a0\u00bbdefault\u00a0\u00bb global_colors_info=\u00a0\u00bb{}\u00a0\u00bb][et_pb_accordion _builder_version=\u00a0\u00bb4.9.1&Prime; _module_preset=\u00a0\u00bbdefault\u00a0\u00bb global_colors_info=\u00a0\u00bb{}\u00a0\u00bb][et_pb_accordion_item title=\u00a0\u00bbPR\u00c9AMBULE\u00a0\u00bb open=\u00a0\u00bbon\u00a0\u00bb _builder_version=\u00a0\u00bb4.9.1&Prime; _module_preset=\u00a0\u00bbdefault\u00a0\u00bb global_colors_info=\u00a0\u00bb{}\u00a0\u00bb]<\/p>\n<p>La pr\u00e9sente charte \u2013 \u00ab La Charte \u00bb a \u00e9t\u00e9 \u00e9labor\u00e9e en vue de d\u00e9finir les engagements pour la protection des donn\u00e9es et pr\u00e9ciser la mise en place du R\u00e8glement G\u00e9n\u00e9ral de Protection des Donn\u00e9es \u2013 \u00ab RGPD \u00bb sur le site www.wp-europe.com de la soci\u00e9t\u00e9 Westlake Plastics Europe \u2013 \u00ab Westlake Plastics Europe \u00bb.<\/p>\n<p>Westlake Plastics Europe accorde une importance toute particuli\u00e8re \u00e0 la protection des donn\u00e9es personnelles des utilisateurs de son site internet www.wp-europe.com (clients, partenaires) \u2013 les \u00ab Utilisateurs \u00bb.<\/p>\n<p>La Soci\u00e9t\u00e9 informe des proc\u00e9d\u00e9s de collecte des donn\u00e9es personnelles, de leur utilisation ainsi que des options dont disposent les personnes concern\u00e9es. Cette Charte pourra faire l\u2019objet de modification par la Soci\u00e9t\u00e9 en cas d\u2019\u00e9volutions r\u00e9glementaires, jurisprudentielles ou techniques.<\/p>\n<p>La Soci\u00e9t\u00e9 respecte la loi \u00ab Informatique &amp; Libert\u00e9s\u00bb n\u00b0 78-17 du 6 janvier 1978 modifi\u00e9e, ainsi que la loi \u00abpour la confiance dans l\u2019\u00e9conomie num\u00e9rique\u00bb n\u00b0 2004-575 du 21 juin 2004, ainsi que le R\u00e8glement G\u00e9n\u00e9ral sur la Protection des Donn\u00e9es, n\u00b0 2016\/679 du 27 avril 2016.<\/p>\n<p>Ce R\u00e8glement G\u00e9n\u00e9ral sur la Protection des Donn\u00e9es, n\u00b0 2016\/679 du 27 avril 2016 est devenu applicable dans l\u2019union europ\u00e9enne depuis le 25 mai 2018.<\/p>\n<p>[\/et_pb_accordion_item][et_pb_accordion_item title=\u00a0\u00bbARTICLE 1 \u2013 D\u00c9FINITION\u00a0\u00bb _builder_version=\u00a0\u00bb4.9.1&Prime; _module_preset=\u00a0\u00bbdefault\u00a0\u00bb global_colors_info=\u00a0\u00bb{}\u00a0\u00bb open=\u00a0\u00bboff\u00a0\u00bb]<\/p>\n<p>Le R\u00e8glement G\u00e9n\u00e9ral sur la Protection des Donn\u00e9es concerne le traitement et la circulation des donn\u00e9es \u00e0 caract\u00e8re personnel, ces informations sur lesquelles les entreprises s\u2019appuient pour proposer des services et des produits.<\/p>\n<p>Il \u00e9tablit des r\u00e8gles relatives \u00e0 la protection des personnes physiques \u00e0 l\u2019\u00e9gard du traitement des donn\u00e9es \u00e0 caract\u00e8re personnel et des r\u00e8gles relatives \u00e0 la libre circulation de ces donn\u00e9es.<\/p>\n<p>Il prot\u00e8ge les libert\u00e9s et droits fondamentaux des personnes physiques et en particulier leur droit \u00e0 la protection des donn\u00e9es \u00e0 caract\u00e8re personnel.<\/p>\n<p>Les principaux objectifs du RGPD sont d\u2019accro\u00eetre \u00e0 la fois la protection des personnes concern\u00e9es par un traitement de leurs donn\u00e9es \u00e0 caract\u00e8re personnel et la responsabilisation des acteurs de ce traitement.<\/p>\n<p>L\u2019objectif est \u00e9galement d\u2019harmoniser la norme juridique europ\u00e9enne en mati\u00e8re de protection des donn\u00e9es personnelles, afin qu\u2019il n\u2019y ait qu\u2019un seul et m\u00eame cadre s\u2019appliquant \u00e0 l\u2019ensemble des \u00c9tats membres.<\/p>\n<p>[\/et_pb_accordion_item][et_pb_accordion_item title=\u00a0\u00bbARTICLE 2 \u2013 NOTION DE DONN\u00c9ES PERSONNELLES\u00a0\u00bb _builder_version=\u00a0\u00bb4.9.1&Prime; _module_preset=\u00a0\u00bbdefault\u00a0\u00bb global_colors_info=\u00a0\u00bb{}\u00a0\u00bb open=\u00a0\u00bboff\u00a0\u00bb]<\/p>\n<p>Une donn\u00e9e personnelle est une information qui permet d\u2019identifier une personne physique, directement ou indirectement. Il peut s\u2019agir d\u2019un nom, d\u2019une photographie, d\u2019une adresse IP, d\u2019un num\u00e9ro de t\u00e9l\u00e9phone, d\u2019un identifiant de connexion informatique, d\u2019une adresse postale, d\u2019une empreinte, d\u2019un enregistrement vocal, d\u2019un num\u00e9ro de s\u00e9curit\u00e9 sociale, d\u2019une adresse email, etc.<\/p>\n<p>Certaines donn\u00e9es sont sensibles, car elles touchent \u00e0 des informations qui peuvent donner lieu \u00e0 de la discrimination ou des pr\u00e9jug\u00e9s : une opinion politique, une sensibilit\u00e9 religieuse, un engagement syndical, une appartenance ethnique, une orientation sexuelle, une situation m\u00e9dicale ou des id\u00e9es philosophiques sont des donn\u00e9es sensibles.<\/p>\n<p>Elles ont un cadre particulier, qui interdit toute collecte pr\u00e9alable sans consentement \u00e9crit, clair et explicite, et pour des cas pr\u00e9cis, valid\u00e9s par la Commission Nationale de l\u2019Informatique et des Libert\u00e9s \u2013 \u00ab CNIL \u00bb et dont l\u2019int\u00e9r\u00eat public est av\u00e9r\u00e9.<\/p>\n<p>[\/et_pb_accordion_item][et_pb_accordion_item title=\u00a0\u00bbARTICLE 3 \u2013 DONN\u00c9ES COLLECT\u00c9ES AU SEIN DE L\u2019ENTREPRISE\u00a0\u00bb _builder_version=\u00a0\u00bb4.9.1&Prime; _module_preset=\u00a0\u00bbdefault\u00a0\u00bb global_colors_info=\u00a0\u00bb{}\u00a0\u00bb open=\u00a0\u00bboff\u00a0\u00bb]La collecte des donn\u00e9es personnelles fait l\u2019objet d\u2019une d\u00e9claration aupr\u00e8s de l\u2019autorit\u00e9 fran\u00e7aise de protection des donn\u00e9es personnelles, la CNIL.<br \/>\nLes informations peuvent \u00eatre collect\u00e9es de fa\u00e7ons diff\u00e9rentes<\/p>\n<p><strong>Le consentement<\/strong><br \/>\nWestlake Plastics Europe ne collecte aucune donn\u00e9e personnelle sans recueillir le consentement expr\u00e8s et donner au pr\u00e9alable des informations concernant notamment le type de donn\u00e9es collect\u00e9es, leurs finalit\u00e9s, le responsable de leur traitement, et les diff\u00e9rents droits que les personnes \u00e0 l\u2019origine des donn\u00e9es sont \u00e0 m\u00eame d\u2019exercer sur ces derni\u00e8res.<\/p>\n<p><strong>Des visites du site internet<\/strong><br \/>\nWestlake Plastics Europe peut \u00e9galement \u00eatre amener \u00e0 collecter des informations \u00e0 l\u2019occasion d\u2019\u00e9changes diverses, ou aupr\u00e8s de soci\u00e9t\u00e9s externes via une application internet ou mobile dynamique et\/ou interactive avec les internautes, salari\u00e9s ou non de Westlake Plastics Europe.<\/p>\n<p><strong>Des cookies<\/strong><br \/>\nLes sites et services de Westlake Plastics Europe peuvent \u00e9mettre des cookies. Ils permettent de reconna\u00eetre le terminal concern\u00e9 \u00e0 chaque fois que ce terminal acc\u00e8de \u00e0 un contenu num\u00e9rique comportant des cookies du m\u00eame \u00e9metteur.<\/p>\n<p>Ils permettent aux services de fonctionner efficacement, et de se souvenir des pr\u00e9f\u00e9rences.<br \/>\nIl y a tout de m\u00eame une possibilit\u00e9 d\u2019effacer les cookies stock\u00e9s sur le terminal de connexion afin de supprimer d\u00e9finitivement les informations qu\u2019ils contiennent.[\/et_pb_accordion_item][et_pb_accordion_item title=\u00a0\u00bbARTICLE 4 \u2013 L\u2019OBLIGATION INFORMATION ET LE RESPECT DU CONSENTEMENT\u00a0\u00bb _builder_version=\u00a0\u00bb4.9.1&Prime; _module_preset=\u00a0\u00bbdefault\u00a0\u00bb global_colors_info=\u00a0\u00bb{}\u00a0\u00bb open=\u00a0\u00bboff\u00a0\u00bb]<\/p>\n<p>Westlake Plastics Europe garantit les droits d\u2019acc\u00e8s, de rectification et d\u2019opposition de leurs donn\u00e9es qui existaient d\u00e9j\u00e0 avant l\u2019application du RGPD.<br \/>Elle garantit \u00e9galement le droit \u00e0 la limitation du traitement, le droit \u00e0 l\u2019oubli, le droit \u00e0 la portabilit\u00e9 des donn\u00e9es ou le droit \u00e0 l\u2019effacement des donn\u00e9es.<br \/>La protection des mineurs de moins de 16 ans est \u00e9galement renforc\u00e9e. Le consentement du titulaire de l\u2019autorit\u00e9 parentale doit \u00eatre donn\u00e9.<br \/>\u00c0 chaque collecte de donn\u00e9es, la personne concern\u00e9e doit \u00eatre inform\u00e9e du fondement juridique sur lequel le traitement est effectu\u00e9, de ses droits sur le traitement (limitation, portabilit\u00e9 et recours) et des modalit\u00e9s exactes du traitement de ses donn\u00e9es.<br \/>Ces informations doivent \u00eatre visibles et accessibles sur le site internet o\u00f9 les donn\u00e9es sont collect\u00e9es, ou le cas \u00e9ch\u00e9ant, sur les supports qui permettent la collecte des donn\u00e9es contrats sign\u00e9s, etc.<\/p>\n<p>[\/et_pb_accordion_item][et_pb_accordion_item title=\u00a0\u00bbARTICLE 5 \u2013 FINALIT\u00c9S DES DONN\u00c9ES COLLECT\u00c9ES\u00a0\u00bb _builder_version=\u00a0\u00bb4.9.1&Prime; _module_preset=\u00a0\u00bbdefault\u00a0\u00bb global_colors_info=\u00a0\u00bb{}\u00a0\u00bb open=\u00a0\u00bboff\u00a0\u00bb]<\/p>\n<p>Seules les donn\u00e9es n\u00e9cessaires et pertinentes au regard des finalit\u00e9s poursuivies sont collect\u00e9es, dans le respect du principe de proportionnalit\u00e9 et ce afin d\u2019am\u00e9liorer la qualit\u00e9 des produits ou services que la Soci\u00e9t\u00e9 propose.<br \/>Westlake Plastics Europe ne collectera que les donn\u00e9es ad\u00e9quates, pertinentes et strictement n\u00e9cessaires \u00e0 la finalit\u00e9 du traitement.<br \/>Les donn\u00e9es identifi\u00e9es comme \u00e9tant obligatoires sont n\u00e9cessaires afin de pouvoir b\u00e9n\u00e9ficier des fonctionnalit\u00e9s correspondantes et plus sp\u00e9cifiquement des op\u00e9rations sur les contenus propos\u00e9s au sein de l\u2019entreprise.<br \/>Cette politique concerne Westlake Plastics Europe et son site www.wp-europe.com.<\/p>\n<p>[\/et_pb_accordion_item][et_pb_accordion_item title=\u00a0\u00bbARTICLE 6 \u2013 UTILISATION DES DONN\u00c9ES COLLECT\u00c9ES\u00a0\u00bb _builder_version=\u00a0\u00bb4.9.1&Prime; _module_preset=\u00a0\u00bbdefault\u00a0\u00bb global_colors_info=\u00a0\u00bb{}\u00a0\u00bb open=\u00a0\u00bboff\u00a0\u00bb]<\/p>\n<p>Les Donn\u00e9es collect\u00e9es par l\u2019entreprise sont trait\u00e9es pour les besoins d\u2019ex\u00e9cution des op\u00e9rations sur les contenus du service.<br \/>Cette utilisation repose sur l\u2019un des fondements juridiques pr\u00e9vus par la loi soit :<\/p>\n<ul>\n<li>La protection des int\u00e9r\u00eats l\u00e9gitimes de l\u2019entreprise,<\/li>\n<li>L\u2019ex\u00e9cution d\u2019un contrat conclu ou d\u2019un engagement,<\/li>\n<li>Le respect d\u2019une obligation l\u00e9gale ou r\u00e9glementaire,<\/li>\n<li>La pr\u00e9servation de l\u2019int\u00e9r\u00eat public, comme la pr\u00e9vention ou la d\u00e9tection d\u2019une fraude ou d\u2019un d\u00e9lit financier.<\/li>\n<\/ul>\n<p>En aucun cas, les donn\u00e9es ne seront trait\u00e9es d\u2019une mani\u00e8re incompatible avec ces finalit\u00e9s, sauf \u00e0 recueillir un accord pr\u00e9alable.<\/p>\n<p>[\/et_pb_accordion_item][et_pb_accordion_item title=\u00a0\u00bbARTICLE 7 \u2013 S\u00c9CURIT\u00c9 DES DONN\u00c9ES\u00a0\u00bb _builder_version=\u00a0\u00bb4.9.1&Prime; _module_preset=\u00a0\u00bbdefault\u00a0\u00bb global_colors_info=\u00a0\u00bb{}\u00a0\u00bb open=\u00a0\u00bboff\u00a0\u00bb]Les donn\u00e9es personnelles recueillies par Westlake Plastics Europe ne sont en aucun cas c\u00e9d\u00e9es, lou\u00e9es ou \u00e9chang\u00e9es \u00e0 des tiers, \u00e0 l\u2019exception des partenaires et filiales de Westlake Plastics Europe, \u00e0 moins que cela n\u2019ait \u00e9t\u00e9 clairement pr\u00e9cis\u00e9 lors de la collecte des donn\u00e9es concern\u00e9es.<br \/>\nToutefois les donn\u00e9es pourront \u00eatre divulgu\u00e9es en application d\u2019une loi, d\u2019un r\u00e8glement ou en vertu d\u2019une d\u00e9cision d\u2019une autorit\u00e9 r\u00e9glementaire ou judiciaire comp\u00e9tente ou encore, si cela s\u2019av\u00e8re n\u00e9cessaire, aux fins de pr\u00e9server ses droits et int\u00e9r\u00eats.<br \/>\nPar ailleurs Westlake Plastics Europe pourra, le cas \u00e9ch\u00e9ant, transmettre des informations si elle acquiert une autre soci\u00e9t\u00e9 ou fait l\u2019objet d\u2019un rachat, d\u2019une fusion, d\u2019une absorption, d\u2019un regroupement ou d\u2019une r\u00e9organisation de quelque nature que ce soit.<br \/>\nLe cas \u00e9ch\u00e9ant, tout utilisateur ouvrant un compte est invit\u00e9 \u00e0 cr\u00e9er un identifiant ou pseudo et un mot de passe. Ce mot de passe doit imp\u00e9rativement rester secret et il doit limiter l\u2019acc\u00e8s \u00e0 son ordinateur ou aux appareils mobiles et se d\u00e9connecter \u00e0 la fin de l\u2019utilisation des services.<br \/>\nLes donn\u00e9es personnelles \u00e9tant confidentielles, la soci\u00e9t\u00e9 limite leur acc\u00e8s aux seuls collaborateurs de la soci\u00e9t\u00e9 ou prestataires ayant besoin dans le cadre de l\u2019ex\u00e9cution du traitement.<br \/>\nToutes les personnes ayant acc\u00e8s aux donn\u00e9es personnelles sont li\u00e9es par un devoir de confidentialit\u00e9 et s\u2019exposent \u00e0 des mesures disciplinaires et\/ou autres sanctions si elles ne respectent pas ces obligations.[\/et_pb_accordion_item][et_pb_accordion_item title=\u00a0\u00bbARTICLE 8 \u2013 DUR\u00c9E DE CONSERVATION DES DONN\u00c9ES\u00a0\u00bb _builder_version=\u00a0\u00bb4.9.1&Prime; _module_preset=\u00a0\u00bbdefault\u00a0\u00bb global_colors_info=\u00a0\u00bb{}\u00a0\u00bb open=\u00a0\u00bboff\u00a0\u00bb]<\/p>\n<p>Les donn\u00e9es sont stock\u00e9es et conserv\u00e9es pour la dur\u00e9e n\u00e9cessaire \u00e0 la r\u00e9alisation des finalit\u00e9s vis\u00e9es.<\/p>\n<p>Les donn\u00e9es pr\u00e9cit\u00e9es sont supprim\u00e9es au plus tard 5 ans \u00e0 compter du dernier contact avec la personne \u00e0 l\u2019origine desdites donn\u00e9es.<\/p>\n<p>[\/et_pb_accordion_item][et_pb_accordion_item title=\u00a0\u00bbARTICLE 9 \u2013 LES DROITS CONCERN\u00c9S\u00a0\u00bb _builder_version=\u00a0\u00bb4.9.1&Prime; _module_preset=\u00a0\u00bbdefault\u00a0\u00bb global_colors_info=\u00a0\u00bb{}\u00a0\u00bb open=\u00a0\u00bboff\u00a0\u00bb]<\/p>\n<p>La Soci\u00e9t\u00e9 entend respecter l\u2019int\u00e9gralit\u00e9 des droits \u00e0 l\u2019\u00e9gard du traitement de donn\u00e9es Personnelles vis-\u00e0-vis des Utilisateurs :<\/p>\n<ul>\n<li>Le droit d\u2019\u00eatre inform\u00e9 sur l\u2019utilisation des Donn\u00e9es Personnelles ;<\/li>\n<li>Le droit d\u2019acc\u00e9der aux informations personnelles recueillies aupr\u00e8s des Utilisateurs du site www.wp-europe.com de Westlake Plastics Europe ;<\/li>\n<li>Le droit de demander la correction des Donn\u00e9es Personnelles inexactes, incompl\u00e8tes, \u00e9quivoques ; p\u00e9rim\u00e9es pour les Utilisateurs du site www.wp-europe.com de Westlake Plastics Europe;<\/li>\n<li>La possibilit\u00e9 d\u2019exiger la transf\u00e9rabilit\u00e9 <em>(droit \u00e0 la portabilit\u00e9)<\/em> des donn\u00e9es \u00e0 un autre fournisseur\/utilisateur de service ;<\/li>\n<li>Le droit de d\u00e9finir des directives relatives au sort des Donn\u00e9es Personnelles apr\u00e8s la mort ;<\/li>\n<li>Le droit de d\u00e9poser le cas \u00e9ch\u00e9ant des plaintes justifi\u00e9es et d\u00fbment motiv\u00e9es aupr\u00e8s de l\u2019autorit\u00e9 nationale en charge de la protection des donn\u00e9es Personnelles.<\/li>\n<\/ul>\n<p>[\/et_pb_accordion_item][et_pb_accordion_item title=\u00a0\u00bbARTICLE 10 \u2013 SANCTION EN CAS DE NON-CONFORMIT\u00c9\u00a0\u00bb _builder_version=\u00a0\u00bb4.9.1&Prime; _module_preset=\u00a0\u00bbdefault\u00a0\u00bb global_colors_info=\u00a0\u00bb{}\u00a0\u00bb open=\u00a0\u00bboff\u00a0\u00bb]En cas de manquement aux obligations impos\u00e9es par le RGPD, les entreprises concern\u00e9es peuvent se voir infliger une amende pouvant atteindre 20 millions d\u2019euros ou 4% du chiffre d\u2019affaires mondial pour les entit\u00e9s les plus importantes.<br \/>\nLa CNIL pourra \u00e9mettre des r\u00e9ponses en cas de violation de la r\u00e9glementation comme des mises en demeure ou des avertissements.[\/et_pb_accordion_item][et_pb_accordion_item title=\u00a0\u00bbARTICLE 11 \u2013 INFORMATION ET PUBLICIT\u00c9\u00a0\u00bb _builder_version=\u00a0\u00bb4.9.1&Prime; _module_preset=\u00a0\u00bbdefault\u00a0\u00bb global_colors_info=\u00a0\u00bb{}\u00a0\u00bb open=\u00a0\u00bboff\u00a0\u00bb]<\/p>\n<p>La pr\u00e9sente Charte est disponible sur le site internet www.wp-europe.com de Westlake Plastics Europe.<\/p>\n<p>[\/et_pb_accordion_item][et_pb_accordion_item title=\u00a0\u00bbARTICLE 12 \u2013 ENTR\u00c9E EN VIGUEUR DE LA CHARTE\u00a0\u00bb _builder_version=\u00a0\u00bb4.9.1&Prime; _module_preset=\u00a0\u00bbdefault\u00a0\u00bb global_colors_info=\u00a0\u00bb{}\u00a0\u00bb open=\u00a0\u00bboff\u00a0\u00bb]<\/p>\n<p>La pr\u00e9sente Charte est applicable d\u00e8s la date de la mise en ligne du site.<\/p>\n<p>[\/et_pb_accordion_item][\/et_pb_accordion][\/et_pb_column][\/et_pb_row][\/et_pb_section]<\/p>\n","protected":false},"excerpt":{"rendered":"<p><div class=\"et_pb_module dsm_lottie dsm_lottie_0\">\n\t\t\t\t\n\t\t\t\t\n\t\t\t\t\n\t\t\t\t\n\t\t\t\t<div class=\"et_pb_module_inner\">\n\t\t\t\t\t<div class=\"dsm_lottie_wrapper\" data-percent-viewport=\"\" data-params=[{\"path\":\"https:\\\/\\\/wp-europe.com\\\/en\\\/wp-content\\\/uploads\\\/sites\\\/6\\\/2021\\\/03\\\/fleur_1x-1.json\",\"loop\":false,\"loop_no\":\"\",\"delay\":\"0ms\",\"direction\":\"1\",\"speed\":\"1.3\",\"hover\":false,\"trigger\":\"on_hover\",\"scroll\":\"on_hover\",\"mouseout\":\"no_action\",\"viewport\":\"80%\"}]>\n\t\t\t<\/div>\n\t\t\t\t<\/div>\n\t\t\t<\/div>Charte pour la protection des donn\u00e9esWestlake Plastics Europe 2 rue de Maestricht &#8211; 59200 TOURCOING +33 (0)3 20 68 30 35 Contact Westlake Plastics Europe APE : 4646Z SIRET : 35240492500070 RCS Roubaix-Tourcoing TVA n\u00b0 FR50352404925 Site internet CONCEPTEUR Studio Be Design 7 rue [&hellip;]<\/p>\n","protected":false},"author":1,"featured_media":0,"parent":0,"menu_order":0,"comment_status":"closed","ping_status":"closed","template":"","meta":{"_et_pb_use_builder":"on","_et_pb_old_content":"","_et_gb_content_width":""},"_links":{"self":[{"href":"https:\/\/wp-europe.com\/en\/wp-json\/wp\/v2\/pages\/1857"}],"collection":[{"href":"https:\/\/wp-europe.com\/en\/wp-json\/wp\/v2\/pages"}],"about":[{"href":"https:\/\/wp-europe.com\/en\/wp-json\/wp\/v2\/types\/page"}],"author":[{"embeddable":true,"href":"https:\/\/wp-europe.com\/en\/wp-json\/wp\/v2\/users\/1"}],"replies":[{"embeddable":true,"href":"https:\/\/wp-europe.com\/en\/wp-json\/wp\/v2\/comments?post=1857"}],"version-history":[{"count":7,"href":"https:\/\/wp-europe.com\/en\/wp-json\/wp\/v2\/pages\/1857\/revisions"}],"predecessor-version":[{"id":2513,"href":"https:\/\/wp-europe.com\/en\/wp-json\/wp\/v2\/pages\/1857\/revisions\/2513"}],"wp:attachment":[{"href":"https:\/\/wp-europe.com\/en\/wp-json\/wp\/v2\/media?parent=1857"}],"curies":[{"name":"wp","href":"https:\/\/api.w.org\/{rel}","templated":true}]}}